{"id":12031,"date":"2021-05-30T13:35:00","date_gmt":"2021-05-30T11:35:00","guid":{"rendered":"https:\/\/www.advens.com\/engagement\/linkedout-accelere-par-advens\/"},"modified":"2025-10-21T14:25:16","modified_gmt":"2025-10-21T12:25:16","slug":"linkedout","status":"publish","type":"engagement","link":"https:\/\/www.advens.com\/de\/engagement\/linkedout\/","title":{"rendered":"LinkedOut von Advens beschleunigt"},"content":{"rendered":"\n<hr class=\"wp-block-separator has-css-opacity\"\/>\n\n\n\n  \n<div id=\"block-chiffres-279818142\" class=\"acf-block-chiffres alignwide\">\n  <div class=\"container\">\n    <div class=\"row\">\n      <div class=\"col-12\">\n        <h3>Die Wirkung von Advens in Zahlen<\/h3>\n      <\/div>\n    <\/div>\n  <\/div>\n  <div class=\"container\">\n    <div class=\"row row-cols-2 row-cols-xl-4 g-3 g-xl-5\">\n              <div class=\"col\">\n          <div class=\"card bg-grey-white border-0 h-100\">\n            <div class=\"card-body\">\n              <strong class=\"value\">300<\/strong>\n              <p class=\"text\">unterst\u00fctzte Bewerber<\/p>\n            <\/div>\n          <\/div>\n        <\/div>\n              <div class=\"col\">\n          <div class=\"card bg-grey-white border-0 h-100\">\n            <div class=\"card-body\">\n              <strong class=\"value\">&gt; 750<\/strong>\n              <p class=\"text\">mobilisierte Unternehmen<\/p>\n            <\/div>\n          <\/div>\n        <\/div>\n              <div class=\"col\">\n          <div class=\"card bg-grey-white border-0 h-100\">\n            <div class=\"card-body\">\n              <strong class=\"value\">61%<\/strong>\n              <p class=\"text\">positive Ergebnisse (befristeter Vertrag + 6 Monate oder unbefristeter Vertrag)<\/p>\n            <\/div>\n          <\/div>\n        <\/div>\n              <div class=\"col\">\n          <div class=\"card bg-grey-white border-0 h-100\">\n            <div class=\"card-body\">\n              <strong class=\"value\">93%<\/strong>\n              <p class=\"text\">Wiedereinsteiger<\/p>\n            <\/div>\n          <\/div>\n        <\/div>\n          <\/div>\n  <\/div>\n<\/div>\n\n\n\n<hr class=\"wp-block-separator has-css-opacity\"\/>\n\n\n\n<p>Als Partner seit 2017 begleitet Advens den Segler Thomas Ruyant, der sich zum Ziel gesetzt hat, die Vend\u00e9e Globe zu erobern, eine Einhandregatta um die Welt ohne Zwischenstopp und ohne Unterst\u00fctzung an Bord eines IMOCA mit Foils der neuesten Generation, einem wahren Konzentrat an neuen Technologien.<\/p>\n\n\n\n<p>Im Januar 2020, zu Beginn einer beispiellosen Gesundheitskrise, in der bereits f\u00fcnf Millionen Franzosen in Isolation leben, haben sie gemeinsam beschlossen, die Sichtbarkeit und den Namen ihres Bootes LinkedOut zu widmen. LinkedOut ist eine Initiative f\u00fcr positive Technologien, die von der Organisation Entourage ins Leben gerufen wurde, um Menschen in Isolation und prek\u00e4ren Verh\u00e4ltnissen auf ihrem Weg zur\u00fcck in die Arbeitswelt zu begleiten.<\/p>\n\n\n\n\n\n\n\n\n<p>Hinter dieser Er\u00f6ffnungsgeste steht der Wille, die Medienmacht und die Mobilisierungskraft einer gro\u00dfen Herausforderung zu nutzen, um einen echten Wettlauf f\u00fcr Ver\u00e4nderungen zugunsten der Eingliederung in Gang zu setzen!<\/p>\n\n\n\n<figure id=\"block-citation-1742090484\" class=\"acf-block-citation aligncenter mb-4\">\n  <blockquote class=\"blockquote\">\n    <p class=\"fs-3\">\u201eDie Sichtbarkeit des Bootes ist unglaublich und hat dem Programm eine ganz neue Dimension verliehen! Wir haben das bei der Vend\u00e9e Globe 2020 und dann wieder bei der Transat Jacques Vabre 2021 erlebt. Die Auswirkungen sind beispiellos und werden durch die aufeinanderfolgenden Siege von Thomas bei der Transat Jacques Vabre 2021 und der Route du Rhum 2022 noch verst\u00e4rkt.\u201c<\/p>\n  <\/blockquote>\n  <div class=\"d-flex align-items-center justify-content-start gap-3 gap-xl-4\">\n        <figcaption class=\"blockquote-footer text-end d-flex flex-wrap align-items-center justify-content-end m-0\">\n      <strong>Amandine Milcent<\/strong>\n      <span class=\"mx-1\">\u2022<\/span>\n      <span>LinkedOut-Projektmanagerin bei Entourage<\/span>\n    <\/figcaption>\n  <\/div>\n<\/figure>\n\n\n\n<h2 class=\"wp-block-heading\">Was ist \u201eLa Course Au Changement\u201c?<\/h2>\n\n\n\n<p>Es geht darum, so viele Menschen wie m\u00f6glich zu mobilisieren und einzubeziehen, um die soziale Eingliederung in Frankreich auf ein neues Niveau zu heben.<\/p>\n\n\n\n<ul class=\"wp-block-list\">\n<li>Gemeinsam gegen Ausgrenzung \u2013 Hunderte von Unternehmen im Einsatz<\/li>\n\n\n\n<li>Tausende von Menschen in prek\u00e4ren Arbeitsverh\u00e4ltnissen wieder in Arbeit zu bringen, ihnen ein Netzwerk zur\u00fcckzugeben, indem ihre Lebensl\u00e4ufe in gro\u00dfem Ma\u00dfstab geteilt werden<\/li>\n\n\n\n<li>Die Botschaft so weit wie m\u00f6glich verbreiten, um die Wahrnehmung der ausgegrenzten Menschen in der \u00d6ffentlichkeit zu ver\u00e4ndern<\/li>\n<\/ul>\n\n\n\n<figure class=\"wp-block-image size-large\"><img loading=\"lazy\" decoding=\"async\" width=\"1024\" height=\"683\" src=\"https:\/\/www.advens.com\/app\/uploads\/2022\/06\/photo2-b9a4835-pierre-bouras-1024x683.jpg\" alt=\"\" class=\"wp-image-2617\" srcset=\"https:\/\/www.advens.com\/app\/uploads\/2022\/06\/photo2-b9a4835-pierre-bouras-1024x683.jpg 1024w, https:\/\/www.advens.com\/app\/uploads\/2022\/06\/photo2-b9a4835-pierre-bouras-300x200.jpg 300w, https:\/\/www.advens.com\/app\/uploads\/2022\/06\/photo2-b9a4835-pierre-bouras-768x512.jpg 768w, https:\/\/www.advens.com\/app\/uploads\/2022\/06\/photo2-b9a4835-pierre-bouras-1536x1025.jpg 1536w, https:\/\/www.advens.com\/app\/uploads\/2022\/06\/photo2-b9a4835-pierre-bouras-855x570.jpg 855w, https:\/\/www.advens.com\/app\/uploads\/2022\/06\/photo2-b9a4835-pierre-bouras-330x220.jpg 330w, https:\/\/www.advens.com\/app\/uploads\/2022\/06\/photo2-b9a4835-pierre-bouras-210x140.jpg 210w, https:\/\/www.advens.com\/app\/uploads\/2022\/06\/photo2-b9a4835-pierre-bouras.jpg 1920w\" sizes=\"auto, (max-width: 1024px) 100vw, 1024px\" \/><\/figure>\n\n\n\n<figure id=\"block-citation-487367915\" class=\"acf-block-citation aligncenter mb-4\">\n  <blockquote class=\"blockquote\">\n    <p class=\"fs-3\">\u201eDer Beitrag von Advens ist ein Schritt, aber dieses Sponsoring muss noch mehr Unternehmen anziehen und sie dazu bringen, integrativ zu werden. In einem neuen, schwierigen Umfeld haben die Unternehmen keine andere Wahl und m\u00fcssen der Gesellschaft noch mehr dienen.\u201c<\/p>\n  <\/blockquote>\n  <div class=\"d-flex align-items-center justify-content-start gap-3 gap-xl-4\">\n        <figcaption class=\"blockquote-footer text-end d-flex flex-wrap align-items-center justify-content-end m-0\">\n      <strong>Alexandre Fayeulle<\/strong>\n      <span class=\"mx-1\">\u2022<\/span>\n      <span>Gr\u00fcndungsvorsitzender von Advens<\/span>\n    <\/figcaption>\n  <\/div>\n<\/figure>\n\n\n\n<p>Die Teilnahme an \u201eLa Course Au Changement\u201c bietet unseren Mitarbeitern die M\u00f6glichkeit, sich konkret f\u00fcr die Integration zu engagieren. Jeder hat die M\u00f6glichkeit, sich bei LinkedOut entsprechend seinen W\u00fcnschen, F\u00e4higkeiten und\/oder seiner Verf\u00fcgbarkeit zu engagieren: Sensibilisierung f\u00fcr die Eingliederung, ehrenamtliches Coaching von LinkedOut-Kandidaten, Patenschaften f\u00fcr Kompetenzen, Anwerbung von Kandidaten, Sprachrohr f\u00fcr das Programm, Austausch von Lebensl\u00e4ufen, Aktivierung von Netzwerken, Sammlungen und Spenden usw.<\/p>\n\n\n\n<figure class=\"wp-block-image size-large\"><img loading=\"lazy\" decoding=\"async\" width=\"1024\" height=\"768\" src=\"https:\/\/www.advens.com\/app\/uploads\/2022\/05\/emilie-pauline-bintia-linkedout-1024x768.jpeg\" alt=\"\" class=\"wp-image-2167\" srcset=\"https:\/\/www.advens.com\/app\/uploads\/2022\/05\/emilie-pauline-bintia-linkedout-1024x768.jpeg 1024w, https:\/\/www.advens.com\/app\/uploads\/2022\/05\/emilie-pauline-bintia-linkedout-300x225.jpeg 300w, https:\/\/www.advens.com\/app\/uploads\/2022\/05\/emilie-pauline-bintia-linkedout-768x576.jpeg 768w, https:\/\/www.advens.com\/app\/uploads\/2022\/05\/emilie-pauline-bintia-linkedout-187x140.jpeg 187w, https:\/\/www.advens.com\/app\/uploads\/2022\/05\/emilie-pauline-bintia-linkedout.jpeg 1200w\" sizes=\"auto, (max-width: 1024px) 100vw, 1024px\" \/><figcaption class=\"wp-element-caption\">Bintia, gecoacht von Pauline und Emilie<\/figcaption><\/figure>\n\n\n\n<h2 class=\"wp-block-heading\">Sicherheit im Dienste der Leistung<\/h2>\n\n\n\n<p>Advens for Cybersecurity \u2013 im Januar 2020 in LinkedOut umbenannt \u2013 ist ein IMOCA Monocoque, Plan Verdier 2019, mit einer L\u00e4nge von 60 Fu\u00df. Die Werft Persico Marine in Bergamo und das TR Racing Team in Lorient haben 50 000 Arbeitsstunden investiert, um dieses Boot der neuen Generation mit seinen majest\u00e4tischen Foils zu bauen, ein wahres Konzentrat an Hochtechnologie.<\/p>\n\n\n\n<p><\/p>\n\n\n\n<p>Sensoren an Bord und w\u00e4hrend des Rennens erzeugen eine F\u00fclle von Daten, die, wenn sie richtig verarbeitet, interpretiert und gesch\u00fctzt werden, dem Boot und seinem Skipper einen echten Leistungs- und Sicherheitsgewinn bringen k\u00f6nnen: Foilinzidenz, Segeltrimmung und -optimierung, OFNI-Erkennung, M\u00fcdigkeitsmanagement, Schlafoptimierung und vieles mehr.<\/p>\n\n\n\n<figure class=\"wp-block-image size-large\"><img loading=\"lazy\" decoding=\"async\" width=\"1024\" height=\"683\" src=\"https:\/\/www.advens.com\/app\/uploads\/2022\/06\/photo-3-bo-0945-pierre-bouras-1024x683.jpg\" alt=\"\" class=\"wp-image-2610\" srcset=\"https:\/\/www.advens.com\/app\/uploads\/2022\/06\/photo-3-bo-0945-pierre-bouras-1024x683.jpg 1024w, https:\/\/www.advens.com\/app\/uploads\/2022\/06\/photo-3-bo-0945-pierre-bouras-300x200.jpg 300w, https:\/\/www.advens.com\/app\/uploads\/2022\/06\/photo-3-bo-0945-pierre-bouras-768x512.jpg 768w, https:\/\/www.advens.com\/app\/uploads\/2022\/06\/photo-3-bo-0945-pierre-bouras-1536x1025.jpg 1536w, https:\/\/www.advens.com\/app\/uploads\/2022\/06\/photo-3-bo-0945-pierre-bouras-855x570.jpg 855w, https:\/\/www.advens.com\/app\/uploads\/2022\/06\/photo-3-bo-0945-pierre-bouras-330x220.jpg 330w, https:\/\/www.advens.com\/app\/uploads\/2022\/06\/photo-3-bo-0945-pierre-bouras-210x140.jpg 210w, https:\/\/www.advens.com\/app\/uploads\/2022\/06\/photo-3-bo-0945-pierre-bouras.jpg 1920w\" sizes=\"auto, (max-width: 1024px) 100vw, 1024px\" \/><\/figure>\n\n\n\n<p>Die F&amp;E-Teams von Advens arbeiten Hand in Hand mit dem TR Racing Team und bringen ihr Know-how ein.<\/p>\n\n\n\n\n  <div id=\"block-liens-1253667757\" class=\"acf-block-liens d-flex flex-column commun-liste -liste bg-grey-white p-3 p-xl-5 rounded text-grey-carbon aligncenter\">\n    <div class=\"text-uppercase small mb-3\">\n              Verkn\u00fcpfungen\n          <\/div>\n    <div class=\"liste d-flex flex-column justify-content-start align-items-start gap-3\">\n              <div class=\"content\">\n          <div class=\"content__title strong\">Sportlich unterwegs<\/div>\n          <a class=\"content__link d-flex justify-content-start align-items-center gap-2\" href=\"https:\/\/www.thomasruyant.com\/\" target=\"_blank\" rel=\"noopener\" aria-label=\"Thomas Ruyant Racing\">\n            <svg class=\"svg-icon aspect-ratio-1-1\" width=\"20\" height=\"20\" xmlns=\"http:\/\/www.w3.org\/2000\/svg\" viewbox=\"0 0 40.256 40.256\"><path d=\"M29.074 40.256H6.71c-1.792 0-3.477-.698-4.744-1.965S0 35.339 0 33.547V11.182C0 9.39.698 7.705 1.965 6.438S4.917 4.473 6.71 4.473h8.946a2.236 2.236 0 1 1 0 4.473H6.71c-.597 0-1.159.232-1.581.655s-.655.984-.655 1.581v22.365c0 .597.233 1.159.655 1.581.422.423.984.655 1.581.655h22.365c.598 0 1.16-.232 1.582-.655.422-.422.655-.984.655-1.581V24.6a2.236 2.236 0 0 1 4.473 0v8.946a6.666 6.666 0 0 1-1.965 4.744 6.666 6.666 0 0 1-4.745 1.965zM15.655 26.837a2.237 2.237 0 0 1-1.581-3.818L32.621 4.474H24.6a2.236 2.236 0 1 1 0-4.473h13.42a2.23 2.23 0 0 1 1.561.636l.005.005h.001l.004.004.004.005.005.005.005.005.003.002.002.002a.048.048 0 0 1 .004.005 2.23 2.23 0 0 1 .64 1.567l.001 13.419a2.236 2.236 0 1 1-4.473 0v-8.02L17.236 26.182a2.228 2.228 0 0 1-1.58.655z\"\/><\/svg>\n            <span>Thomas Ruyant Racing<\/span>\n          <\/a>\n        <\/div>\n              <div class=\"content\">\n          <div class=\"content__title strong\">Sinnvoll engagiert<\/div>\n          <a class=\"content__link d-flex justify-content-start align-items-center gap-2\" href=\"https:\/\/www.entourage.social\/\" target=\"_blank\" rel=\"noopener\" aria-label=\"Entourage\">\n            <svg class=\"svg-icon aspect-ratio-1-1\" width=\"20\" height=\"20\" xmlns=\"http:\/\/www.w3.org\/2000\/svg\" viewbox=\"0 0 40.256 40.256\"><path d=\"M29.074 40.256H6.71c-1.792 0-3.477-.698-4.744-1.965S0 35.339 0 33.547V11.182C0 9.39.698 7.705 1.965 6.438S4.917 4.473 6.71 4.473h8.946a2.236 2.236 0 1 1 0 4.473H6.71c-.597 0-1.159.232-1.581.655s-.655.984-.655 1.581v22.365c0 .597.233 1.159.655 1.581.422.423.984.655 1.581.655h22.365c.598 0 1.16-.232 1.582-.655.422-.422.655-.984.655-1.581V24.6a2.236 2.236 0 0 1 4.473 0v8.946a6.666 6.666 0 0 1-1.965 4.744 6.666 6.666 0 0 1-4.745 1.965zM15.655 26.837a2.237 2.237 0 0 1-1.581-3.818L32.621 4.474H24.6a2.236 2.236 0 1 1 0-4.473h13.42a2.23 2.23 0 0 1 1.561.636l.005.005h.001l.004.004.004.005.005.005.005.005.003.002.002.002a.048.048 0 0 1 .004.005 2.23 2.23 0 0 1 .64 1.567l.001 13.419a2.236 2.236 0 1 1-4.473 0v-8.02L17.236 26.182a2.228 2.228 0 0 1-1.58.655z\"\/><\/svg>\n            <span>Entourage<\/span>\n          <\/a>\n        <\/div>\n          <\/div>\n  <\/div>\n\n\n\n\n  <div id=\"block-contact-\" class=\"acf-block-contact contact d-flex flex-column aligncenter\">\n    <h3 class=\"mini-cap\">Weitere Informationen<\/h3>\n    <div class=\"row-flex\">\n            <div class=\"infos col texte-moyen\">\n        <div class=\"texte-moyen-bold\">\n          Sylvie Lepoutre\n        <\/div>\n                          <div>\n            <a href=\"mailto:sylvie.lepoutre@advens.fr\">sylvie.lepoutre@advens.fr<\/a>\n          <\/div>\n              <\/div>\n    <\/div>\n  <\/div>\n\n\n\n<hr class=\"wp-block-separator has-css-opacity\"\/>\n\n\n\n\n<div id=\"timeline-2024373860\" class=\"acf-block-timeline timeline py-3 py-md-5 py-xl-8 alignwide\">\n  <h2 class=\"title-6\">Die Phasen des Projekts<\/h2>\n    \n                                                                                                                                                                  \n      \n  \n  <div class=\"swiper swiper-container \" data-component=\"Carousel\"  data-component-options='{\"perViewDesktop\":4}'  data-navigation=\"true\">\n    <div class=\"swiper-wrapper\">\n              <div class=\"swiper-slide\">\n                <div class=\"oneDate\">\n        <div class=\"texte\">\n          <div class=\"date texte-moyen-bold\">2017<\/div>\n          <div class=\"title-7\"><\/div>\n          <p class=\"texte-moyen\">Beginn der Partnerschaft Advens x TR Racing<\/p>\n        <\/div>\n              <\/div>\n      \n        <\/div>\n              <div class=\"swiper-slide\">\n                <div class=\"oneDate\">\n        <div class=\"texte\">\n          <div class=\"date texte-moyen-bold\">Sept. 2019<\/div>\n          <div class=\"title-7\"><\/div>\n          <p class=\"texte-moyen\">Stapellauf der IMOCA Advents for Cybersecurity<\/p>\n        <\/div>\n              <\/div>\n      \n        <\/div>\n              <div class=\"swiper-slide\">\n                <div class=\"oneDate\">\n        <div class=\"texte\">\n          <div class=\"date texte-moyen-bold\">Jan. 2020<\/div>\n          <div class=\"title-7\"><\/div>\n          <p class=\"texte-moyen\">Entscheidung, LinkedOut das Naming anzubieten (15 Kandidaten im Test unterst\u00fctzt)<\/p>\n        <\/div>\n              <\/div>\n      \n        <\/div>\n              <div class=\"swiper-slide\">\n                <div class=\"oneDate\">\n        <div class=\"texte\">\n          <div class=\"date texte-moyen-bold\">Nov. 2020<\/div>\n          <div class=\"title-7\"><\/div>\n          <p class=\"texte-moyen\">Vend\u00e9e Globe (6. Platz \/ + 80 unterst\u00fctzte Kandidaten)<\/p>\n        <\/div>\n              <\/div>\n      \n        <\/div>\n              <div class=\"swiper-slide\">\n                <div class=\"oneDate\">\n        <div class=\"texte\">\n          <div class=\"date texte-moyen-bold\">Nov. 2021<\/div>\n          <div class=\"title-7\"><\/div>\n          <p class=\"texte-moyen\">Transat Jacques Vabre (1. Platz \/ + 160 unterst\u00fctzte Kandidaten)<\/p>\n        <\/div>\n              <\/div>\n      \n        <\/div>\n              <div class=\"swiper-slide\">\n                <div class=\"oneDate\">\n        <div class=\"texte\">\n          <div class=\"date texte-moyen-bold\">Nov. 2022<\/div>\n          <div class=\"title-7\"><\/div>\n          <p class=\"texte-moyen\">Objectif Route du Rhum (1. Platz \/ Ziel: 300 unterst\u00fctzte Kandidaten)<\/p>\n        <\/div>\n              <\/div>\n      \n        <\/div>\n              <div class=\"swiper-slide\">\n                <div class=\"oneDate\">\n        <div class=\"texte\">\n          <div class=\"date texte-moyen-bold\"><\/div>\n          <div class=\"title-7\"><\/div>\n          <p class=\"texte-moyen\"><\/p>\n        <\/div>\n              <\/div>\n      \n        <\/div>\n          <\/div>\n          <div class=\"swiper-navigation\">\n        <button class=\"swiper-button-prev\" aria-label=\"Vorhergehend\" data-action=\"prev\">\n          <svg class=\"icon-chevron\" width=\"36\" height=\"36\" viewbox=\"0 0 37 37\" fill=\"none\" xmlns=\"http:\/\/www.w3.org\/2000\/svg\">\n            <g>\n              <circle cx=\"18.5\" cy=\"18.1499\" r=\"17.5\" stroke=\"#161616\"><\/circle>\n              <path d=\"M15.8804 12.8597C15.4904 13.2497 15.4904 13.8797 15.8804 14.2697L19.7604 18.1497L15.8804 22.0297C15.4904 22.4197 15.4904 23.0497 15.8804 23.4397C16.2704 23.8297 16.9004 23.8297 17.2904 23.4397L21.8804 18.8497C22.2704 18.4597 22.2704 17.8297 21.8804 17.4397L17.2904 12.8497C16.9104 12.4697 16.2704 12.4697 15.8804 12.8597Z\" fill=\"currentColor\"><\/path>\n            <\/g>\n          <\/svg>\n        <\/button>\n        <button class=\"swiper-button-next\" aria-label=\"N\u00e4chster\" data-action=\"next\">\n          <svg class=\"icon-chevron\" width=\"36\" height=\"36\" viewbox=\"0 0 37 37\" fill=\"none\" xmlns=\"http:\/\/www.w3.org\/2000\/svg\">\n            <g>\n              <circle cx=\"18.5\" cy=\"18.1499\" r=\"17.5\" stroke=\"#161616\"><\/circle>\n              <path d=\"M15.8804 12.8597C15.4904 13.2497 15.4904 13.8797 15.8804 14.2697L19.7604 18.1497L15.8804 22.0297C15.4904 22.4197 15.4904 23.0497 15.8804 23.4397C16.2704 23.8297 16.9004 23.8297 17.2904 23.4397L21.8804 18.8497C22.2704 18.4597 22.2704 17.8297 21.8804 17.4397L17.2904 12.8497C16.9104 12.4697 16.2704 12.4697 15.8804 12.8597Z\" fill=\"currentColor\"><\/path>\n            <\/g>\n          <\/svg>\n        <\/button>\n      <\/div>\n            <\/div>\n<\/div>\n\n\n<hr class=\"wp-block-separator has-css-opacity\"\/>\n","protected":false},"excerpt":{"rendered":"<p>Seit Anfang 2020 stellt Advens LinkedOut, einer Initiative f\u00fcr positive Technologien, die von der Organisation Entourage ins Leben gerufen wurde, Sichtbarkeit und den Namen ihres Bootes zur Verf\u00fcgung. LinkedOut begleitet Menschen, die isoliert und in prek\u00e4ren Verh\u00e4ltnissen leben, auf ihrem Weg zur\u00fcck in die Arbeitswelt.<br \/>\nMit diesem Engagement beschleunigen wir die Mission des Programms zur beruflichen Eingliederung: In den letzten zwei Jahren haben wir mehr als 300 Menschen geholfen, wieder eine Arbeit zu finden, und wir planen, im n\u00e4chsten Jahr die Zahl der gef\u00f6rderten Menschen zu verdoppeln.<\/p>\n","protected":false},"featured_media":11277,"template":"","class_list":["post-12031","engagement","type-engagement","status-publish","has-post-thumbnail","hentry"],"acf":[],"yoast_head":"<!-- This site is optimized with the Yoast SEO plugin v26.6 - https:\/\/yoast.com\/wordpress\/plugins\/seo\/ -->\n<title>LinkedOut von Advens beschleunigt - Advens<\/title>\n<meta name=\"description\" content=\"Seit Anfang 2020 stellt Advens LinkedOut, einer Initiative f\u00fcr positive Technologien, die von der Organisation Entourage ins Leben gerufen wurde, Sichtbarkeit und den Namen ihres Bootes zur Verf\u00fcgung. LinkedOut begleitet Menschen, die isoliert und in prek\u00e4ren Verh\u00e4ltnissen leben, auf ihrem Weg zur\u00fcck in die Arbeitswelt. Mit diesem Engagement beschleunigen wir die Mission des Programms zur beruflichen Eingliederung: In den letzten zwei Jahren haben wir mehr als 300 Menschen geholfen, wieder eine Arbeit zu finden, und wir planen, im n\u00e4chsten Jahr die Zahl der gef\u00f6rderten Menschen zu verdoppeln.\" \/>\n<meta name=\"robots\" content=\"index, follow, max-snippet:-1, max-image-preview:large, max-video-preview:-1\" \/>\n<link rel=\"canonical\" href=\"https:\/\/www.advens.com\/de\/engagement\/linkedout\/\" \/>\n<meta property=\"og:locale\" content=\"de_DE\" \/>\n<meta property=\"og:type\" content=\"article\" \/>\n<meta property=\"og:title\" content=\"LinkedOut von Advens beschleunigt - Advens\" \/>\n<meta property=\"og:description\" content=\"Seit Anfang 2020 stellt Advens LinkedOut, einer Initiative f\u00fcr positive Technologien, die von der Organisation Entourage ins Leben gerufen wurde, Sichtbarkeit und den Namen ihres Bootes zur Verf\u00fcgung. LinkedOut begleitet Menschen, die isoliert und in prek\u00e4ren Verh\u00e4ltnissen leben, auf ihrem Weg zur\u00fcck in die Arbeitswelt. Mit diesem Engagement beschleunigen wir die Mission des Programms zur beruflichen Eingliederung: In den letzten zwei Jahren haben wir mehr als 300 Menschen geholfen, wieder eine Arbeit zu finden, und wir planen, im n\u00e4chsten Jahr die Zahl der gef\u00f6rderten Menschen zu verdoppeln.\" \/>\n<meta property=\"og:url\" content=\"https:\/\/www.advens.com\/de\/engagement\/linkedout\/\" \/>\n<meta property=\"og:site_name\" content=\"Advens\" \/>\n<meta property=\"article:modified_time\" content=\"2025-10-21T12:25:16+00:00\" \/>\n<meta property=\"og:image\" content=\"https:\/\/www.advens.com\/app\/uploads\/2022\/03\/photo1-ac4i1172-pierre-bouras-crop.png\" \/>\n\t<meta property=\"og:image:width\" content=\"1214\" \/>\n\t<meta property=\"og:image:height\" content=\"810\" \/>\n\t<meta property=\"og:image:type\" content=\"image\/png\" \/>\n<meta name=\"twitter:card\" content=\"summary_large_image\" \/>\n<script type=\"application\/ld+json\" class=\"yoast-schema-graph\">{\"@context\":\"https:\/\/schema.org\",\"@graph\":[{\"@type\":\"WebPage\",\"@id\":\"https:\/\/www.advens.com\/de\/engagement\/linkedout\/\",\"url\":\"https:\/\/www.advens.com\/de\/engagement\/linkedout\/\",\"name\":\"LinkedOut von Advens beschleunigt - Advens\",\"isPartOf\":{\"@id\":\"https:\/\/www.advens.com\/#website\"},\"primaryImageOfPage\":{\"@id\":\"https:\/\/www.advens.com\/de\/engagement\/linkedout\/#primaryimage\"},\"image\":{\"@id\":\"https:\/\/www.advens.com\/de\/engagement\/linkedout\/#primaryimage\"},\"thumbnailUrl\":\"https:\/\/www.advens.com\/app\/uploads\/2022\/03\/photo1-ac4i1172-pierre-bouras-crop.png\",\"datePublished\":\"2021-05-30T11:35:00+00:00\",\"dateModified\":\"2025-10-21T12:25:16+00:00\",\"description\":\"Seit Anfang 2020 stellt Advens LinkedOut, einer Initiative f\u00fcr positive Technologien, die von der Organisation Entourage ins Leben gerufen wurde, Sichtbarkeit und den Namen ihres Bootes zur Verf\u00fcgung. LinkedOut begleitet Menschen, die isoliert und in prek\u00e4ren Verh\u00e4ltnissen leben, auf ihrem Weg zur\u00fcck in die Arbeitswelt. Mit diesem Engagement beschleunigen wir die Mission des Programms zur beruflichen Eingliederung: In den letzten zwei Jahren haben wir mehr als 300 Menschen geholfen, wieder eine Arbeit zu finden, und wir planen, im n\u00e4chsten Jahr die Zahl der gef\u00f6rderten Menschen zu verdoppeln.\",\"breadcrumb\":{\"@id\":\"https:\/\/www.advens.com\/de\/engagement\/linkedout\/#breadcrumb\"},\"inLanguage\":\"de\",\"potentialAction\":[{\"@type\":\"ReadAction\",\"target\":[\"https:\/\/www.advens.com\/de\/engagement\/linkedout\/\"]}]},{\"@type\":\"ImageObject\",\"inLanguage\":\"de\",\"@id\":\"https:\/\/www.advens.com\/de\/engagement\/linkedout\/#primaryimage\",\"url\":\"https:\/\/www.advens.com\/app\/uploads\/2022\/03\/photo1-ac4i1172-pierre-bouras-crop.png\",\"contentUrl\":\"https:\/\/www.advens.com\/app\/uploads\/2022\/03\/photo1-ac4i1172-pierre-bouras-crop.png\",\"width\":1214,\"height\":810},{\"@type\":\"BreadcrumbList\",\"@id\":\"https:\/\/www.advens.com\/de\/engagement\/linkedout\/#breadcrumb\",\"itemListElement\":[{\"@type\":\"ListItem\",\"position\":1,\"name\":\"Home\",\"item\":\"https:\/\/www.advens.com\/de\/\"},{\"@type\":\"ListItem\",\"position\":2,\"name\":\"LinkedOut von Advens beschleunigt\"}]},{\"@type\":\"WebSite\",\"@id\":\"https:\/\/www.advens.com\/#website\",\"url\":\"https:\/\/www.advens.com\/\",\"name\":\"Advens\",\"description\":\"For Cyber, People &amp; Planet\",\"publisher\":{\"@id\":\"https:\/\/www.advens.com\/#organization\"},\"potentialAction\":[{\"@type\":\"SearchAction\",\"target\":{\"@type\":\"EntryPoint\",\"urlTemplate\":\"https:\/\/www.advens.com\/?s={search_term_string}\"},\"query-input\":{\"@type\":\"PropertyValueSpecification\",\"valueRequired\":true,\"valueName\":\"search_term_string\"}}],\"inLanguage\":\"de\"},{\"@type\":\"Organization\",\"@id\":\"https:\/\/www.advens.com\/#organization\",\"name\":\"Advens\",\"url\":\"https:\/\/www.advens.com\/\",\"logo\":{\"@type\":\"ImageObject\",\"inLanguage\":\"de\",\"@id\":\"https:\/\/www.advens.com\/#\/schema\/logo\/image\/\",\"url\":\"https:\/\/www.advens.com\/app\/uploads\/2025\/07\/Logotype-aDvens-Cybersecurity.png\",\"contentUrl\":\"https:\/\/www.advens.com\/app\/uploads\/2025\/07\/Logotype-aDvens-Cybersecurity.png\",\"width\":1501,\"height\":1501,\"caption\":\"Advens\"},\"image\":{\"@id\":\"https:\/\/www.advens.com\/#\/schema\/logo\/image\/\"},\"sameAs\":[\"https:\/\/www.linkedin.com\/company\/advens\/\"]}]}<\/script>\n<!-- \/ Yoast SEO plugin. -->","yoast_head_json":{"title":"LinkedOut von Advens beschleunigt - Advens","description":"Seit Anfang 2020 stellt Advens LinkedOut, einer Initiative f\u00fcr positive Technologien, die von der Organisation Entourage ins Leben gerufen wurde, Sichtbarkeit und den Namen ihres Bootes zur Verf\u00fcgung. LinkedOut begleitet Menschen, die isoliert und in prek\u00e4ren Verh\u00e4ltnissen leben, auf ihrem Weg zur\u00fcck in die Arbeitswelt. Mit diesem Engagement beschleunigen wir die Mission des Programms zur beruflichen Eingliederung: In den letzten zwei Jahren haben wir mehr als 300 Menschen geholfen, wieder eine Arbeit zu finden, und wir planen, im n\u00e4chsten Jahr die Zahl der gef\u00f6rderten Menschen zu verdoppeln.","robots":{"index":"index","follow":"follow","max-snippet":"max-snippet:-1","max-image-preview":"max-image-preview:large","max-video-preview":"max-video-preview:-1"},"canonical":"https:\/\/www.advens.com\/de\/engagement\/linkedout\/","og_locale":"de_DE","og_type":"article","og_title":"LinkedOut von Advens beschleunigt - Advens","og_description":"Seit Anfang 2020 stellt Advens LinkedOut, einer Initiative f\u00fcr positive Technologien, die von der Organisation Entourage ins Leben gerufen wurde, Sichtbarkeit und den Namen ihres Bootes zur Verf\u00fcgung. LinkedOut begleitet Menschen, die isoliert und in prek\u00e4ren Verh\u00e4ltnissen leben, auf ihrem Weg zur\u00fcck in die Arbeitswelt. Mit diesem Engagement beschleunigen wir die Mission des Programms zur beruflichen Eingliederung: In den letzten zwei Jahren haben wir mehr als 300 Menschen geholfen, wieder eine Arbeit zu finden, und wir planen, im n\u00e4chsten Jahr die Zahl der gef\u00f6rderten Menschen zu verdoppeln.","og_url":"https:\/\/www.advens.com\/de\/engagement\/linkedout\/","og_site_name":"Advens","article_modified_time":"2025-10-21T12:25:16+00:00","og_image":[{"width":1214,"height":810,"url":"https:\/\/www.advens.com\/app\/uploads\/2022\/03\/photo1-ac4i1172-pierre-bouras-crop.png","type":"image\/png"}],"twitter_card":"summary_large_image","schema":{"@context":"https:\/\/schema.org","@graph":[{"@type":"WebPage","@id":"https:\/\/www.advens.com\/de\/engagement\/linkedout\/","url":"https:\/\/www.advens.com\/de\/engagement\/linkedout\/","name":"LinkedOut von Advens beschleunigt - Advens","isPartOf":{"@id":"https:\/\/www.advens.com\/#website"},"primaryImageOfPage":{"@id":"https:\/\/www.advens.com\/de\/engagement\/linkedout\/#primaryimage"},"image":{"@id":"https:\/\/www.advens.com\/de\/engagement\/linkedout\/#primaryimage"},"thumbnailUrl":"https:\/\/www.advens.com\/app\/uploads\/2022\/03\/photo1-ac4i1172-pierre-bouras-crop.png","datePublished":"2021-05-30T11:35:00+00:00","dateModified":"2025-10-21T12:25:16+00:00","description":"Seit Anfang 2020 stellt Advens LinkedOut, einer Initiative f\u00fcr positive Technologien, die von der Organisation Entourage ins Leben gerufen wurde, Sichtbarkeit und den Namen ihres Bootes zur Verf\u00fcgung. LinkedOut begleitet Menschen, die isoliert und in prek\u00e4ren Verh\u00e4ltnissen leben, auf ihrem Weg zur\u00fcck in die Arbeitswelt. Mit diesem Engagement beschleunigen wir die Mission des Programms zur beruflichen Eingliederung: In den letzten zwei Jahren haben wir mehr als 300 Menschen geholfen, wieder eine Arbeit zu finden, und wir planen, im n\u00e4chsten Jahr die Zahl der gef\u00f6rderten Menschen zu verdoppeln.","breadcrumb":{"@id":"https:\/\/www.advens.com\/de\/engagement\/linkedout\/#breadcrumb"},"inLanguage":"de","potentialAction":[{"@type":"ReadAction","target":["https:\/\/www.advens.com\/de\/engagement\/linkedout\/"]}]},{"@type":"ImageObject","inLanguage":"de","@id":"https:\/\/www.advens.com\/de\/engagement\/linkedout\/#primaryimage","url":"https:\/\/www.advens.com\/app\/uploads\/2022\/03\/photo1-ac4i1172-pierre-bouras-crop.png","contentUrl":"https:\/\/www.advens.com\/app\/uploads\/2022\/03\/photo1-ac4i1172-pierre-bouras-crop.png","width":1214,"height":810},{"@type":"BreadcrumbList","@id":"https:\/\/www.advens.com\/de\/engagement\/linkedout\/#breadcrumb","itemListElement":[{"@type":"ListItem","position":1,"name":"Home","item":"https:\/\/www.advens.com\/de\/"},{"@type":"ListItem","position":2,"name":"LinkedOut von Advens beschleunigt"}]},{"@type":"WebSite","@id":"https:\/\/www.advens.com\/#website","url":"https:\/\/www.advens.com\/","name":"Advens","description":"For Cyber, People &amp; Planet","publisher":{"@id":"https:\/\/www.advens.com\/#organization"},"potentialAction":[{"@type":"SearchAction","target":{"@type":"EntryPoint","urlTemplate":"https:\/\/www.advens.com\/?s={search_term_string}"},"query-input":{"@type":"PropertyValueSpecification","valueRequired":true,"valueName":"search_term_string"}}],"inLanguage":"de"},{"@type":"Organization","@id":"https:\/\/www.advens.com\/#organization","name":"Advens","url":"https:\/\/www.advens.com\/","logo":{"@type":"ImageObject","inLanguage":"de","@id":"https:\/\/www.advens.com\/#\/schema\/logo\/image\/","url":"https:\/\/www.advens.com\/app\/uploads\/2025\/07\/Logotype-aDvens-Cybersecurity.png","contentUrl":"https:\/\/www.advens.com\/app\/uploads\/2025\/07\/Logotype-aDvens-Cybersecurity.png","width":1501,"height":1501,"caption":"Advens"},"image":{"@id":"https:\/\/www.advens.com\/#\/schema\/logo\/image\/"},"sameAs":["https:\/\/www.linkedin.com\/company\/advens\/"]}]}},"_links":{"self":[{"href":"https:\/\/www.advens.com\/de\/wp-json\/wp\/v2\/engagement\/12031","targetHints":{"allow":["GET"]}}],"collection":[{"href":"https:\/\/www.advens.com\/de\/wp-json\/wp\/v2\/engagement"}],"about":[{"href":"https:\/\/www.advens.com\/de\/wp-json\/wp\/v2\/types\/engagement"}],"wp:featuredmedia":[{"embeddable":true,"href":"https:\/\/www.advens.com\/de\/wp-json\/wp\/v2\/media\/11277"}],"wp:attachment":[{"href":"https:\/\/www.advens.com\/de\/wp-json\/wp\/v2\/media?parent=12031"}],"curies":[{"name":"wp","href":"https:\/\/api.w.org\/{rel}","templated":true}]}}