{"id":7336,"date":"2022-03-31T09:21:37","date_gmt":"2022-03-31T07:21:37","guid":{"rendered":"https:\/\/www.advens.com\/?post_type=secteur&#038;p=7336"},"modified":"2025-12-12T18:05:48","modified_gmt":"2025-12-12T17:05:48","slug":"servicios-publicos","status":"publish","type":"secteur","link":"https:\/\/www.advens.com\/es\/industrias\/servicios-publicos\/","title":{"rendered":"Servicios p\u00fablicos"},"content":{"rendered":"\n<hr class=\"wp-block-separator has-css-opacity\"\/>\n\n\n\n\n<div id=\"block-logos-1248345674\" class=\"acf-block-logos grid -six mb-4 alignwide\">\n  <div class=\"container\">\n    <div class=\"row\">\n      <div class=\"col-12\">\n              <\/div>\n    <\/div>\n  <\/div>\n  <div class=\"container bg-white py-3\">\n    <div class=\"row\">\n              <div class=\"col-4 col-md-2 mb-3 d-flex align-items-center justify-content-center\">\n          <div class=\"logo-container\" style=\"width: 120px; height: 80px; display: flex; align-items: center; justify-content: center;\">\n            <img decoding=\"async\" src=\"https:\/\/www.advens.com\/app\/uploads\/2022\/05\/ile-de-france-mobilites-260x61.jpg\" alt=\"\" loading=\"lazy\" style=\"max-width: 100%; max-height: 100%; object-fit: contain;\"\/>\n          <\/div>\n        <\/div>\n              <div class=\"col-4 col-md-2 mb-3 d-flex align-items-center justify-content-center\">\n          <div class=\"logo-container\" style=\"width: 120px; height: 80px; display: flex; align-items: center; justify-content: center;\">\n            <img decoding=\"async\" src=\"https:\/\/www.advens.com\/app\/uploads\/2022\/05\/nord-le-departement-260x104.png\" alt=\"\" loading=\"lazy\" style=\"max-width: 100%; max-height: 100%; object-fit: contain;\"\/>\n          <\/div>\n        <\/div>\n              <div class=\"col-4 col-md-2 mb-3 d-flex align-items-center justify-content-center\">\n          <div class=\"logo-container\" style=\"width: 120px; height: 80px; display: flex; align-items: center; justify-content: center;\">\n            <img decoding=\"async\" src=\"https:\/\/www.advens.com\/app\/uploads\/2022\/05\/ugap-140x140.jpg\" alt=\"\" loading=\"lazy\" style=\"max-width: 100%; max-height: 100%; object-fit: contain;\"\/>\n          <\/div>\n        <\/div>\n              <div class=\"col-4 col-md-2 mb-3 d-flex align-items-center justify-content-center\">\n          <div class=\"logo-container\" style=\"width: 120px; height: 80px; display: flex; align-items: center; justify-content: center;\">\n            <img decoding=\"async\" src=\"https:\/\/www.advens.com\/app\/uploads\/2022\/05\/amf-260x104.jpg\" alt=\"\" loading=\"lazy\" style=\"max-width: 100%; max-height: 100%; object-fit: contain;\"\/>\n          <\/div>\n        <\/div>\n              <div class=\"col-4 col-md-2 mb-3 d-flex align-items-center justify-content-center\">\n          <div class=\"logo-container\" style=\"width: 120px; height: 80px; display: flex; align-items: center; justify-content: center;\">\n            <img decoding=\"async\" src=\"https:\/\/www.advens.com\/app\/uploads\/2022\/05\/dirisi-122x140.jpg\" alt=\"\" loading=\"lazy\" style=\"max-width: 100%; max-height: 100%; object-fit: contain;\"\/>\n          <\/div>\n        <\/div>\n          <\/div>\n  <\/div>\n<\/div>\n\n\n\n<hr class=\"wp-block-separator has-css-opacity\"\/>\n\n\n\n\n<div id=\"block-image-texte-556014933\" class=\"acf-block-image-texte alignwide\">\n  <div class=\"image-texte row gx-5 py-4 -gauche\">\n                            <div class=\"col-12 col-lg-6 image-container mb-3 mb-lg-0 \">\n              <div class=\"image mobile-full-width\">\n          <div class=\"image-content ratio-wrapper -square\" data-component=\"LazyImage\" >\n            <picture class=\"full bkg-cover\" >\n                              <source srcset=\"https:\/\/www.advens.com\/app\/uploads\/2022\/05\/advens-video-capture-ftm-8-620x620.webp\" media=\"(min-width: 0px) and (max-width: 767.98px)\">\n                <source srcset=\"https:\/\/www.advens.com\/app\/uploads\/2022\/05\/advens-video-capture-ftm-8-1320x801.webp\" media=\"(min-width: 768px)\">\n                <img decoding=\"async\" class=\"img img-fluid rounded\" loading=\"lazy\" src=\"https:\/\/www.advens.com\/app\/uploads\/2022\/05\/advens-video-capture-ftm-8-1320x801.webp\" alt=\"\">\n                          <\/picture>\n          <\/div>\n        <\/div>\n                <\/div>\n    <div class=\"texte col-12 col-lg-6 -right d-flex flex-column justify-content-center align-items-start\">\n                    <h2 class=\"titre title-5\">\n          Reforcemos nuestro compromiso con la seguridad de todos.\n        <\/h2>\n                    <div class=\"text-content\">\n          <p>Las nuevas normativas, la evoluci\u00f3n de los usos, la modernizaci\u00f3n y la transformaci\u00f3n digital, junto con la intensificaci\u00f3n de las amenazas, hacen que la protecci\u00f3n de los entornos digitales del Estado y de sus actores p\u00fablicos ya no sea una opci\u00f3n, sino una obligaci\u00f3n.<\/p>\n<p>M\u00e1s all\u00e1 de los sistemas de informaci\u00f3n, es imprescindible garantizar la seguridad de todos los servicios ofrecidos a la ciudadan\u00eda y de las infraestructuras que los sostienen.<\/p>\n\n        <\/div>\n                            <\/div>\n  <\/div>\n<\/div>\n\n\n\n<hr class=\"wp-block-separator has-css-opacity\"\/>\n\n\n\n\n<div id=\"block-image-texte-1591344833\" class=\"acf-block-image-texte alignwide\">\n  <div class=\"image-texte row gx-5 py-4 -droite\">\n                            <div class=\"col-12 col-lg-6 image-container mb-3 mb-lg-0 -right\">\n              <div class=\"image mobile-full-width\">\n          <div class=\"image-content ratio-wrapper -square\" data-component=\"LazyImage\" >\n            <picture class=\"full bkg-cover\" >\n                              <source srcset=\"https:\/\/www.advens.com\/app\/uploads\/2022\/05\/advens-video-capture-ftm-10-620x620.webp\" media=\"(min-width: 0px) and (max-width: 767.98px)\">\n                <source srcset=\"https:\/\/www.advens.com\/app\/uploads\/2022\/05\/advens-video-capture-ftm-10-1320x801.webp\" media=\"(min-width: 768px)\">\n                <img decoding=\"async\" class=\"img img-fluid rounded\" loading=\"lazy\" src=\"https:\/\/www.advens.com\/app\/uploads\/2022\/05\/advens-video-capture-ftm-10-1320x801.webp\" alt=\"\">\n                          <\/picture>\n          <\/div>\n        <\/div>\n                <\/div>\n    <div class=\"texte col-12 col-lg-6  d-flex flex-column justify-content-center align-items-start\">\n                    <h2 class=\"titre title-5\">\n          Una trayectoria s\u00f3lida en el sector p\u00fablico\n        <\/h2>\n                    <div class=\"text-content\">\n          <p>Con m\u00e1s de 15 a\u00f1os de experiencia junto a administraciones y organismos p\u00fablicos, comprendemos en profundidad sus din\u00e1micas, prioridades y condicionantes, y sabemos c\u00f3mo adaptarnos a sus desaf\u00edos.<\/p>\n<p>Sabemos que sus retos son m\u00faltiples, por eso nos hemos preparado para acompa\u00f1arle en todos ellos: procesos de homologaci\u00f3n, evaluaci\u00f3n de su nivel de ciberseguridad, definici\u00f3n de una estrategia global, preparaci\u00f3n ante crisis, formaci\u00f3n y sensibilizaci\u00f3n de equipos, as\u00ed como la implementaci\u00f3n y gesti\u00f3n integral de soluciones de seguridad.<\/p>\n\n        <\/div>\n                            <\/div>\n  <\/div>\n<\/div>\n\n\n\n<hr class=\"wp-block-separator has-alpha-channel-opacity\"\/>\n\n\n\n\n<div id=\"block-image-texte-1808279025\" class=\"acf-block-image-texte alignwide\">\n  <div class=\"image-texte row gx-5 py-4 -gauche\">\n                            <div class=\"col-12 col-lg-6 image-container mb-3 mb-lg-0 \">\n              <div class=\"image mobile-full-width\">\n          <div class=\"image-content ratio-wrapper -square\" data-component=\"LazyImage\" >\n            <picture class=\"full bkg-cover\" >\n                              <source srcset=\"https:\/\/www.advens.com\/app\/uploads\/2022\/03\/advens-video-capture-quo-11-620x620.webp\" media=\"(min-width: 0px) and (max-width: 767.98px)\">\n                <source srcset=\"https:\/\/www.advens.com\/app\/uploads\/2022\/03\/advens-video-capture-quo-11-1320x801.webp\" media=\"(min-width: 768px)\">\n                <img decoding=\"async\" class=\"img img-fluid rounded\" loading=\"lazy\" src=\"https:\/\/www.advens.com\/app\/uploads\/2022\/03\/advens-video-capture-quo-11-1320x801.webp\" alt=\"\">\n                          <\/picture>\n          <\/div>\n        <\/div>\n                <\/div>\n    <div class=\"texte col-12 col-lg-6 -right d-flex flex-column justify-content-center align-items-start\">\n                    <h2 class=\"titre title-5\">\n          Siempre cerca de usted\n        <\/h2>\n                    <div class=\"text-content\">\n          <p>Nuestros equipos est\u00e1n a su disposici\u00f3n y son f\u00e1cilmente accesibles, incluso en situaciones de urgencia, gracias a nuestras oficinas en Europa. Estamos presentes en los principales mercados nacionales y en numerosas centrales de compra, porque para nosotros la proximidad no es solo un valor a\u00f1adido, es una prioridad.<\/p>\n\n        <\/div>\n                            <\/div>\n  <\/div>\n<\/div>\n\n\n\n<hr class=\"wp-block-separator has-alpha-channel-opacity\"\/>\n\n\n\n  \n<div id=\"block-chiffres-925227912\" class=\"acf-block-chiffres alignwide\">\n  <div class=\"container\">\n    <div class=\"row\">\n      <div class=\"col-12\">\n        <h3>En cifras<\/h3>\n      <\/div>\n    <\/div>\n  <\/div>\n  <div class=\"container\">\n    <div class=\"row row-cols-2 row-cols-xl-3 g-3 g-xl-5\">\n              <div class=\"col\">\n          <div class=\"card bg-grey-white border-0 h-100\">\n            <div class=\"card-body\">\n              <strong class=\"value\">+15<\/strong>\n              <p class=\"text\">a\u00f1os de experiencia en el sector p\u00fablico<\/p>\n            <\/div>\n          <\/div>\n        <\/div>\n              <div class=\"col\">\n          <div class=\"card bg-grey-white border-0 h-100\">\n            <div class=\"card-body\">\n              <strong class=\"value\">+100<\/strong>\n              <p class=\"text\">clientes activos en el sector p\u00fablico<\/p>\n            <\/div>\n          <\/div>\n        <\/div>\n              <div class=\"col\">\n          <div class=\"card bg-grey-white border-0 h-100\">\n            <div class=\"card-body\">\n              <strong class=\"value\">+10<\/strong>\n              <p class=\"text\">oficinas en Europa<\/p>\n            <\/div>\n          <\/div>\n        <\/div>\n          <\/div>\n  <\/div>\n<\/div>\n\n\n\n<hr class=\"wp-block-separator has-alpha-channel-opacity\"\/>\n\n\n\n<h2 class=\"wp-block-heading\">Certificaci\u00f3n ENS<\/h2>\n\n\n\n<figure class=\"wp-block-image size-medium\"><a href=\"https:\/\/www.advens.com\/app\/uploads\/2025\/11\/Certificacion-ENS.pdf\" target=\"_blank\" rel=\" noreferrer noopener\"><img loading=\"lazy\" decoding=\"async\" width=\"247\" height=\"300\" src=\"https:\/\/www.advens.com\/app\/uploads\/2022\/03\/LogoENS-247x300.png\" alt=\"Comprometidos con la ciberseguridad en el sector p\u00fablico\n\nEn Advens, alineamos nuestros servicios con los principios y requisitos del Esquema Nacional de Seguridad (ENS), ofreciendo soluciones que garantizan la protecci\u00f3n de la informaci\u00f3n y el cumplimiento normativo en el \u00e1mbito p\u00fablico. Nuestro enfoque est\u00e1 basado en la mejora continua, la prevenci\u00f3n y la confianza digital\" class=\"wp-image-29198\" srcset=\"https:\/\/www.advens.com\/app\/uploads\/2022\/03\/LogoENS-247x300.png 247w, https:\/\/www.advens.com\/app\/uploads\/2022\/03\/LogoENS-115x140.png 115w, https:\/\/www.advens.com\/app\/uploads\/2022\/03\/LogoENS-300x365.png 300w, https:\/\/www.advens.com\/app\/uploads\/2022\/03\/LogoENS-390x475.png 390w, https:\/\/www.advens.com\/app\/uploads\/2022\/03\/LogoENS.png 673w\" sizes=\"auto, (max-width: 247px) 100vw, 247px\" \/><\/a><\/figure>\n\n\n\n<hr class=\"wp-block-separator has-css-opacity\"\/>\n\n\n\n\n<div id=\"block-cas-clients-7085888\" class=\"acf-block-cas-clients cas-clients alignwide\">\n  <div class=\"container container-header\">\n    <div class=\"row mb-4\">\n      <div class=\"col-12 d-flex justify-content-between align-items-center\">\n        <h2>Caso de cliente<\/h2>\n                <a class=\"ico-btn btn-see-all\" title=\"Ver todo\" href=\"https:\/\/www.advens.com\/es\/caso-de-cliente\/\">\n          Ver todo\n        <\/a>\n      <\/div>\n    <\/div>\n  <\/div>\n                          <div class=\"simple-item bg-grey-white p-4 p-xl-5 rounded-2\">\n          <div class=\"container\">\n            <div class=\"row\">\n              <div class=\"col-12\">\n                <h3 class=\"mb-4\">Intervenci\u00f3n del CERT para gestionar un ataque de ransomware<\/h3>\n              <\/div>\n            <\/div>\n            <div class=\"row\">\n              <div class=\"col-12 col-xl-6\">\n                <div class=\"cas-client-activite-defis text texte-moyen\">\n                  <div class=\"cas-client-inner\">\n                                          <p>\n                        <strong>Cliente<\/strong>\n                      <\/p>\n                      <div class=\"cas-client-logo mb-3\">\n                                                <img decoding=\"async\" src=\"https:\/\/www.advens.com\/app\/uploads\/2022\/05\/logovienne-140x140.png\" alt=\"Logo \" loading=\"lazy\" class=\"img-fluid\"\/>\n                      <\/div>\n                                        <strong>Actividades<\/strong>\r\n<ul>\r\n \t<li>438.435 habitantes<\/li>\r\n \t<li>6.990 kil\u00f3metros cuadrados<\/li>\r\n \t<li>1.600 empleados<\/li>\r\n \t<li>514 millones de presupuesto en 2022<\/li>\r\n<\/ul>\r\n<strong>Retos<\/strong>\r\n<ul>\r\n \t<li>Hacer frente a un ataque de ransomware<\/li>\r\n \t<li>Comprender el origen y el alcance del ataque<\/li>\r\n \t<li>Gestionar la crisis cibern\u00e9tica desde una perspectiva t\u00e9cnica y organizativa<\/li>\r\n \t<li>Reducir el impacto y el tiempo de inactividad<\/li>\r\n \t<li>Reconstruir un sistema sano<\/li>\r\n<\/ul>\n                  <\/div>\n                <\/div>\n                <a class=\"link -blue -arrow-right texte-moyen-bold\" href=\"https:\/\/www.advens.com\/es\/caso-de-cliente\/cert-ataque-de-ransomware\/\">Leer la historia<\/a>\n              <\/div>\n              <div class=\"col-12 col-xl-6\">\n                <blockquote>\n                  <p class=\"body-bold\">\n                    \u00abQuiero destacar la capacidad de respuesta de los equipos de Advens. Pude contactar con ellos en cuesti\u00f3n de horas. Tras una primera intervenci\u00f3n por videoconferencia durante el fin de semana, los equipos del CERT Advens llegaron el lunes al lugar. Todo se puso en marcha muy r\u00e1pidamente y sin contratiempos\u00bb.\n                  <\/p>\n                  <cite>\n                    <span class=\"texte-moyen-bold\">Luis Manuel Da Silva<\/span>\n                    <span class=\"texte-moyen\">Director de Transici\u00f3n Digital del departamento de Vienne<\/span>\n                  <\/cite>\n                <\/blockquote>\n              <\/div>\n            <\/div>\n          <\/div>\n        <\/div>\n            <\/div>\n\n\n\n<hr class=\"wp-block-separator has-css-opacity\"\/>\n\n\n\n\n  \n\n<div id=\"block-push-4-colonnes-2085198185\" class=\"acf-block-push-contenus-4colonnes alignwide\">\n      \n          \n\n<div class=\"commun-liste grille\" data-component=\"CommunListe\">\n      <div class=\"default-block-header d-flex flex-wrap justify-content-between align-items-center\">\n              <h2 class=\"title title-6 mb-4\">\n                      Nuestras otras \u00e1reas de especializaci\u00f3n\n                                      <\/h2>\n                <\/div>\n  \n  <div class=\"liste grid -card-small -btn-see-all\">\n          <div class=\"container\">\n        <div class=\"row row-cols-1  row-cols-md-2 row-cols-xl-4  g-4\">\n                      \n\n\n\n  \n\n\n\n\n\n\n  \n  \n\n<div class=\"list-item col h-100\" >\n  <div class=\"list-item-content  h-100\">\n    <div class=\"card card__push4 h-100\">\n              <a href=\"https:\/\/www.advens.com\/es\/soluciones\/riesgos-estrategia\/\" class=\"card-link\" title=\"Ver detalles\"><\/a>\n                              <div class=\"card-image\">\n            <picture class=\"h-100\">\n              <source srcset=\"https:\/\/www.advens.com\/app\/uploads\/2022\/04\/work-2.jpg\" media=\"(min-width: 1200px)\">\n              <img decoding=\"async\" src=\"https:\/\/www.advens.com\/app\/uploads\/2022\/04\/work-2.jpg\" loading=\"lazy\" alt=\"Riesgos y Estrategia\" class=\"card-img-top\"\/>\n            <\/picture>\n          <\/div>\n                    <div class=\"card-body content\">\n                  <div class=\"meta-top mb-3 small\">\n            Experiencia\n          <\/div>\n                          <h3 class=\"card-title title\">\n            Riesgos y Estrategia\n          <\/h3>\n              <\/div>\n      <div class=\"card-overlay\">\n                  <div class=\"card-overlay__meta-top\">\n            Experiencia\n          <\/div>\n                          <strong class=\"card-overlay__title card-title\">\n            Riesgos y Estrategia\n          <\/strong>\n                          <p class=\"card-overlay__text\">\n                                                                          Una estrategia de seguridad requiere un m\u00e9todo controlado, una coordinaci\u00f3n sin fallos&#8230; y una serie muy concreta de habilidades y competencias. H&#8230;\n          <\/p>\n                          <div class=\"card-overlay__bottom\">\n            <span class=\"btn btn-lg btn-primary\">\n              Leer m\u00e1s\n            <\/span>\n          <\/div>\n              <\/div>\n    <\/div>\n  <\/div>\n<\/div>\n                      \n\n\n\n  \n\n\n\n\n\n\n  \n  \n\n<div class=\"list-item col h-100\" >\n  <div class=\"list-item-content  h-100\">\n    <div class=\"card card__push4 h-100\">\n              <a href=\"https:\/\/www.advens.com\/es\/soluciones\/ciberconformidad\/\" class=\"card-link\" title=\"Ver detalles\"><\/a>\n                              <div class=\"card-image\">\n            <picture class=\"h-100\">\n              <source srcset=\"https:\/\/www.advens.com\/app\/uploads\/2022\/05\/advens-video-capture-tra-7.jpg\" media=\"(min-width: 1200px)\">\n              <img decoding=\"async\" src=\"https:\/\/www.advens.com\/app\/uploads\/2022\/05\/advens-video-capture-tra-7.jpg\" loading=\"lazy\" alt=\"Cumplimiento Normativo\" class=\"card-img-top\"\/>\n            <\/picture>\n          <\/div>\n                    <div class=\"card-body content\">\n                  <div class=\"meta-top mb-3 small\">\n            Experiencia\n          <\/div>\n                          <h3 class=\"card-title title\">\n            Cumplimiento Normativo\n          <\/h3>\n              <\/div>\n      <div class=\"card-overlay\">\n                  <div class=\"card-overlay__meta-top\">\n            Experiencia\n          <\/div>\n                          <strong class=\"card-overlay__title card-title\">\n            Cumplimiento Normativo\n          <\/strong>\n                          <p class=\"card-overlay__text\">\n                                                                          M\u00e1s que una limitaci\u00f3n, los requisitos normativos son una oportunidad que le ayudamos a aprovechar. Valoremos su enfoque de la gesti\u00f3n de riesgos.\n          <\/p>\n                          <div class=\"card-overlay__bottom\">\n            <span class=\"btn btn-lg btn-primary\">\n              Leer m\u00e1s\n            <\/span>\n          <\/div>\n              <\/div>\n    <\/div>\n  <\/div>\n<\/div>\n                      \n\n\n\n  \n\n\n\n\n\n\n  \n  \n\n<div class=\"list-item col h-100\" >\n  <div class=\"list-item-content  h-100\">\n    <div class=\"card card__push4 h-100\">\n              <a href=\"https:\/\/www.advens.com\/es\/soluciones\/seguridad-ofensiva\/\" class=\"card-link\" title=\"Ver detalles\"><\/a>\n                              <div class=\"card-image\">\n            <picture class=\"h-100\">\n              <source srcset=\"https:\/\/www.advens.com\/app\/uploads\/2025\/07\/1752486589382-1296x729.png\" media=\"(min-width: 1200px)\">\n              <img decoding=\"async\" src=\"https:\/\/www.advens.com\/app\/uploads\/2025\/07\/1752486589382-696x392.png\" loading=\"lazy\" alt=\"Seguridad ofensiva : aDversary\" class=\"card-img-top\"\/>\n            <\/picture>\n          <\/div>\n                    <div class=\"card-body content\">\n                  <div class=\"meta-top mb-3 small\">\n            Experiencia\n          <\/div>\n                          <h3 class=\"card-title title\">\n            Seguridad ofensiva : aDversary\n          <\/h3>\n              <\/div>\n      <div class=\"card-overlay\">\n                  <div class=\"card-overlay__meta-top\">\n            Experiencia\n          <\/div>\n                          <strong class=\"card-overlay__title card-title\">\n            Seguridad ofensiva : aDversary\n          <\/strong>\n                          <p class=\"card-overlay__text\">\n                                                                          aDversary: Pensamos como tu adversario, actuamos como tu aliado estrat\u00e9gico de ciberseguridad\n          <\/p>\n                          <div class=\"card-overlay__bottom\">\n            <span class=\"btn btn-lg btn-primary\">\n              Leer m\u00e1s\n            <\/span>\n          <\/div>\n              <\/div>\n    <\/div>\n  <\/div>\n<\/div>\n                  <\/div>\n      <\/div>\n      <\/div>\n<\/div>  <\/div>\n\n\n<hr class=\"wp-block-separator has-css-opacity\"\/>\n\n\n\n\n<div id=\"block-colonnes-167647826\" class=\"acf-block-colonnes colonnes alignwide\">\n  <div class=\"container\">\n    <div class=\"row mb-4\">\n      <div class=\"col-12\">\n        <h3>\u00bfPor qu\u00e9 elegir Advens?<\/h3>\n                  <p>Le apoyamos en todos sus ciberproyectos, a largo plazo, para que ninguna amenaza se interponga en su negocio.<\/p>\n\n                          <a class=\"link\" href=\"https:\/\/www.advens.com\/es\/acerca-de-advens\/\" target=\"_blank\" title=\"Acerca de Advens\">\n            Acerca de Advens\n          <\/a>\n              <\/div>\n    <\/div>\n\n                  \n    <div class=\"row row-colonnes row-cols-1 row-cols-md-2 row-cols-xl-4 gy-4 mb-4 mb-xl-5\">\n              <div class=\"col -img\">\n          <div class=\"card h-100 bg-grey-white border-0\">\n            <div class=\"card-body\">\n                                          <h4>Una oferta global<\/h4>\n              <p>La combinaci\u00f3n de conocimientos de vanguardia con un enfoque \u00abas-a-service\u00bb.<\/p>\n\n                          <\/div>\n          <\/div>\n        <\/div>\n              <div class=\"col -img\">\n          <div class=\"card h-100 bg-grey-white border-0\">\n            <div class=\"card-body\">\n                                          <h4>Una pericia con sello de calidad<\/h4>\n              <p>Servicios reconocidos por las visas de seguridad del ENS y expertos certificados.<\/p>\n\n                          <\/div>\n          <\/div>\n        <\/div>\n              <div class=\"col -img\">\n          <div class=\"card h-100 bg-grey-white border-0\">\n            <div class=\"card-body\">\n                                          <h4>Security-as-a-Service<\/h4>\n              <p>Un servicio \u00fanico que combina protecci\u00f3n aumentada, agilidad y optimizaci\u00f3n presupuestaria.<\/p>\n\n                          <\/div>\n          <\/div>\n        <\/div>\n              <div class=\"col -img\">\n          <div class=\"card h-100 bg-grey-white border-0\">\n            <div class=\"card-body\">\n                                          <h4>Pragmatismo y pedagog\u00eda<\/h4>\n              <p>Enfoques accesibles, orientados a los resultados y adaptados a sus necesidades.<\/p>\n\n                          <\/div>\n          <\/div>\n        <\/div>\n          <\/div>\n  <\/div>\n<\/div>\n","protected":false},"excerpt":{"rendered":"<p>Sector p\u00fablico, les ayudamos a protegerse. <\/p>\n<p>A defenderles a ustedes, pero tambi\u00e9n a proteger los datos de sus empleados y de todos los ciudadanos. Hacemos todo lo posible para garantizar su transformaci\u00f3n digital y ofrecer nuevos servicios en l\u00ednea.<\/p>\n","protected":false},"featured_media":5710,"template":"","taxo_secteur":[],"class_list":["post-7336","secteur","type-secteur","status-publish","has-post-thumbnail","hentry"],"acf":[],"yoast_head":"<!-- This site is optimized with the Yoast SEO plugin v26.6 - https:\/\/yoast.com\/wordpress\/plugins\/seo\/ -->\n<title>La ciberseguridad de los servicios p\u00fablicos<\/title>\n<meta name=\"description\" content=\"Llevamos m\u00e1s de 15 a\u00f1os ayudando a los agentes del sector p\u00fablico en su seguridad inform\u00e1tica y en la protecci\u00f3n de sus empleados...\" \/>\n<meta name=\"robots\" content=\"index, follow, max-snippet:-1, max-image-preview:large, max-video-preview:-1\" \/>\n<link rel=\"canonical\" href=\"https:\/\/www.advens.com\/es\/industrias\/servicios-publicos\/\" \/>\n<meta property=\"og:locale\" content=\"es_ES\" \/>\n<meta property=\"og:type\" content=\"article\" \/>\n<meta property=\"og:title\" content=\"La ciberseguridad de los servicios p\u00fablicos\" \/>\n<meta property=\"og:description\" content=\"Llevamos m\u00e1s de 15 a\u00f1os ayudando a los agentes del sector p\u00fablico en su seguridad inform\u00e1tica y en la protecci\u00f3n de sus empleados...\" \/>\n<meta property=\"og:url\" content=\"https:\/\/www.advens.com\/es\/industrias\/servicios-publicos\/\" \/>\n<meta property=\"og:site_name\" content=\"Advens\" \/>\n<meta property=\"article:modified_time\" content=\"2025-12-12T17:05:48+00:00\" \/>\n<meta property=\"og:image\" content=\"https:\/\/www.advens.com\/app\/uploads\/2022\/05\/advens-video-capture-ftm-12.jpg\" \/>\n\t<meta property=\"og:image:width\" content=\"1920\" \/>\n\t<meta property=\"og:image:height\" content=\"801\" \/>\n\t<meta property=\"og:image:type\" content=\"image\/jpeg\" \/>\n<meta name=\"twitter:card\" content=\"summary_large_image\" \/>\n<meta name=\"twitter:title\" content=\"La ciberseguridad de los servicios p\u00fablicos\" \/>\n<meta name=\"twitter:description\" content=\"Llevamos m\u00e1s de 15 a\u00f1os ayudando a los agentes del sector p\u00fablico en su seguridad inform\u00e1tica y en la protecci\u00f3n de sus empleados...\" \/>\n<meta name=\"twitter:image\" content=\"https:\/\/www.advens.com\/app\/uploads\/2022\/05\/advens-video-capture-ftm-12.jpg\" \/>\n<script type=\"application\/ld+json\" class=\"yoast-schema-graph\">{\"@context\":\"https:\/\/schema.org\",\"@graph\":[{\"@type\":\"WebPage\",\"@id\":\"https:\/\/www.advens.com\/es\/industrias\/servicios-publicos\/\",\"url\":\"https:\/\/www.advens.com\/es\/industrias\/servicios-publicos\/\",\"name\":\"La ciberseguridad de los servicios p\u00fablicos\",\"isPartOf\":{\"@id\":\"https:\/\/www.advens.com\/#website\"},\"primaryImageOfPage\":{\"@id\":\"https:\/\/www.advens.com\/es\/industrias\/servicios-publicos\/#primaryimage\"},\"image\":{\"@id\":\"https:\/\/www.advens.com\/es\/industrias\/servicios-publicos\/#primaryimage\"},\"thumbnailUrl\":\"https:\/\/www.advens.com\/app\/uploads\/2022\/05\/advens-video-capture-ftm-12.jpg\",\"datePublished\":\"2022-03-31T07:21:37+00:00\",\"dateModified\":\"2025-12-12T17:05:48+00:00\",\"description\":\"Llevamos m\u00e1s de 15 a\u00f1os ayudando a los agentes del sector p\u00fablico en su seguridad inform\u00e1tica y en la protecci\u00f3n de sus empleados...\",\"breadcrumb\":{\"@id\":\"https:\/\/www.advens.com\/es\/industrias\/servicios-publicos\/#breadcrumb\"},\"inLanguage\":\"es\",\"potentialAction\":[{\"@type\":\"ReadAction\",\"target\":[\"https:\/\/www.advens.com\/es\/industrias\/servicios-publicos\/\"]}]},{\"@type\":\"ImageObject\",\"inLanguage\":\"es\",\"@id\":\"https:\/\/www.advens.com\/es\/industrias\/servicios-publicos\/#primaryimage\",\"url\":\"https:\/\/www.advens.com\/app\/uploads\/2022\/05\/advens-video-capture-ftm-12.jpg\",\"contentUrl\":\"https:\/\/www.advens.com\/app\/uploads\/2022\/05\/advens-video-capture-ftm-12.jpg\",\"width\":1920,\"height\":801},{\"@type\":\"BreadcrumbList\",\"@id\":\"https:\/\/www.advens.com\/es\/industrias\/servicios-publicos\/#breadcrumb\",\"itemListElement\":[{\"@type\":\"ListItem\",\"position\":1,\"name\":\"Home\",\"item\":\"https:\/\/www.advens.com\/es\/\"},{\"@type\":\"ListItem\",\"position\":2,\"name\":\"Servicios p\u00fablicos\"}]},{\"@type\":\"WebSite\",\"@id\":\"https:\/\/www.advens.com\/#website\",\"url\":\"https:\/\/www.advens.com\/\",\"name\":\"Advens\",\"description\":\"For Cyber, People &amp; Planet\",\"publisher\":{\"@id\":\"https:\/\/www.advens.com\/#organization\"},\"potentialAction\":[{\"@type\":\"SearchAction\",\"target\":{\"@type\":\"EntryPoint\",\"urlTemplate\":\"https:\/\/www.advens.com\/?s={search_term_string}\"},\"query-input\":{\"@type\":\"PropertyValueSpecification\",\"valueRequired\":true,\"valueName\":\"search_term_string\"}}],\"inLanguage\":\"es\"},{\"@type\":\"Organization\",\"@id\":\"https:\/\/www.advens.com\/#organization\",\"name\":\"Advens\",\"url\":\"https:\/\/www.advens.com\/\",\"logo\":{\"@type\":\"ImageObject\",\"inLanguage\":\"es\",\"@id\":\"https:\/\/www.advens.com\/#\/schema\/logo\/image\/\",\"url\":\"https:\/\/www.advens.com\/app\/uploads\/2025\/07\/Logotype-aDvens-Cybersecurity.png\",\"contentUrl\":\"https:\/\/www.advens.com\/app\/uploads\/2025\/07\/Logotype-aDvens-Cybersecurity.png\",\"width\":1501,\"height\":1501,\"caption\":\"Advens\"},\"image\":{\"@id\":\"https:\/\/www.advens.com\/#\/schema\/logo\/image\/\"},\"sameAs\":[\"https:\/\/www.linkedin.com\/company\/advens\/\"]}]}<\/script>\n<!-- \/ Yoast SEO plugin. -->","yoast_head_json":{"title":"La ciberseguridad de los servicios p\u00fablicos","description":"Llevamos m\u00e1s de 15 a\u00f1os ayudando a los agentes del sector p\u00fablico en su seguridad inform\u00e1tica y en la protecci\u00f3n de sus empleados...","robots":{"index":"index","follow":"follow","max-snippet":"max-snippet:-1","max-image-preview":"max-image-preview:large","max-video-preview":"max-video-preview:-1"},"canonical":"https:\/\/www.advens.com\/es\/industrias\/servicios-publicos\/","og_locale":"es_ES","og_type":"article","og_title":"La ciberseguridad de los servicios p\u00fablicos","og_description":"Llevamos m\u00e1s de 15 a\u00f1os ayudando a los agentes del sector p\u00fablico en su seguridad inform\u00e1tica y en la protecci\u00f3n de sus empleados...","og_url":"https:\/\/www.advens.com\/es\/industrias\/servicios-publicos\/","og_site_name":"Advens","article_modified_time":"2025-12-12T17:05:48+00:00","og_image":[{"width":1920,"height":801,"url":"https:\/\/www.advens.com\/app\/uploads\/2022\/05\/advens-video-capture-ftm-12.jpg","type":"image\/jpeg"}],"twitter_card":"summary_large_image","twitter_title":"La ciberseguridad de los servicios p\u00fablicos","twitter_description":"Llevamos m\u00e1s de 15 a\u00f1os ayudando a los agentes del sector p\u00fablico en su seguridad inform\u00e1tica y en la protecci\u00f3n de sus empleados...","twitter_image":"https:\/\/www.advens.com\/app\/uploads\/2022\/05\/advens-video-capture-ftm-12.jpg","schema":{"@context":"https:\/\/schema.org","@graph":[{"@type":"WebPage","@id":"https:\/\/www.advens.com\/es\/industrias\/servicios-publicos\/","url":"https:\/\/www.advens.com\/es\/industrias\/servicios-publicos\/","name":"La ciberseguridad de los servicios p\u00fablicos","isPartOf":{"@id":"https:\/\/www.advens.com\/#website"},"primaryImageOfPage":{"@id":"https:\/\/www.advens.com\/es\/industrias\/servicios-publicos\/#primaryimage"},"image":{"@id":"https:\/\/www.advens.com\/es\/industrias\/servicios-publicos\/#primaryimage"},"thumbnailUrl":"https:\/\/www.advens.com\/app\/uploads\/2022\/05\/advens-video-capture-ftm-12.jpg","datePublished":"2022-03-31T07:21:37+00:00","dateModified":"2025-12-12T17:05:48+00:00","description":"Llevamos m\u00e1s de 15 a\u00f1os ayudando a los agentes del sector p\u00fablico en su seguridad inform\u00e1tica y en la protecci\u00f3n de sus empleados...","breadcrumb":{"@id":"https:\/\/www.advens.com\/es\/industrias\/servicios-publicos\/#breadcrumb"},"inLanguage":"es","potentialAction":[{"@type":"ReadAction","target":["https:\/\/www.advens.com\/es\/industrias\/servicios-publicos\/"]}]},{"@type":"ImageObject","inLanguage":"es","@id":"https:\/\/www.advens.com\/es\/industrias\/servicios-publicos\/#primaryimage","url":"https:\/\/www.advens.com\/app\/uploads\/2022\/05\/advens-video-capture-ftm-12.jpg","contentUrl":"https:\/\/www.advens.com\/app\/uploads\/2022\/05\/advens-video-capture-ftm-12.jpg","width":1920,"height":801},{"@type":"BreadcrumbList","@id":"https:\/\/www.advens.com\/es\/industrias\/servicios-publicos\/#breadcrumb","itemListElement":[{"@type":"ListItem","position":1,"name":"Home","item":"https:\/\/www.advens.com\/es\/"},{"@type":"ListItem","position":2,"name":"Servicios p\u00fablicos"}]},{"@type":"WebSite","@id":"https:\/\/www.advens.com\/#website","url":"https:\/\/www.advens.com\/","name":"Advens","description":"For Cyber, People &amp; Planet","publisher":{"@id":"https:\/\/www.advens.com\/#organization"},"potentialAction":[{"@type":"SearchAction","target":{"@type":"EntryPoint","urlTemplate":"https:\/\/www.advens.com\/?s={search_term_string}"},"query-input":{"@type":"PropertyValueSpecification","valueRequired":true,"valueName":"search_term_string"}}],"inLanguage":"es"},{"@type":"Organization","@id":"https:\/\/www.advens.com\/#organization","name":"Advens","url":"https:\/\/www.advens.com\/","logo":{"@type":"ImageObject","inLanguage":"es","@id":"https:\/\/www.advens.com\/#\/schema\/logo\/image\/","url":"https:\/\/www.advens.com\/app\/uploads\/2025\/07\/Logotype-aDvens-Cybersecurity.png","contentUrl":"https:\/\/www.advens.com\/app\/uploads\/2025\/07\/Logotype-aDvens-Cybersecurity.png","width":1501,"height":1501,"caption":"Advens"},"image":{"@id":"https:\/\/www.advens.com\/#\/schema\/logo\/image\/"},"sameAs":["https:\/\/www.linkedin.com\/company\/advens\/"]}]}},"_links":{"self":[{"href":"https:\/\/www.advens.com\/es\/wp-json\/wp\/v2\/secteur\/7336","targetHints":{"allow":["GET"]}}],"collection":[{"href":"https:\/\/www.advens.com\/es\/wp-json\/wp\/v2\/secteur"}],"about":[{"href":"https:\/\/www.advens.com\/es\/wp-json\/wp\/v2\/types\/secteur"}],"wp:featuredmedia":[{"embeddable":true,"href":"https:\/\/www.advens.com\/es\/wp-json\/wp\/v2\/media\/5710"}],"wp:attachment":[{"href":"https:\/\/www.advens.com\/es\/wp-json\/wp\/v2\/media?parent=7336"}],"wp:term":[{"taxonomy":"taxo_secteur","embeddable":true,"href":"https:\/\/www.advens.com\/es\/wp-json\/wp\/v2\/taxo_secteur?post=7336"}],"curies":[{"name":"wp","href":"https:\/\/api.w.org\/{rel}","templated":true}]}}